{"id":2149,"date":"2025-02-14T10:28:21","date_gmt":"2025-02-14T09:28:21","guid":{"rendered":"https:\/\/horecaleadership.com\/?page_id=2149"},"modified":"2025-06-03T13:27:22","modified_gmt":"2025-06-03T11:27:22","slug":"politica-de-privacidad","status":"publish","type":"page","link":"https:\/\/horecaleadership.com\/ca\/politica-de-privacidad\/","title":{"rendered":"Pol\u00edtica de privacitat"},"content":{"rendered":"<div data-elementor-type=\"wp-page\" data-elementor-id=\"2149\" class=\"elementor elementor-2149\" data-elementor-post-type=\"page\">\n\t\t\t\t<div class=\"elementor-element elementor-element-e140c8e e-flex e-con-boxed e-con e-parent\" data-id=\"e140c8e\" data-element_type=\"container\">\n\t\t\t\t\t<div class=\"e-con-inner\">\n\t\t\t\t<div class=\"elementor-element elementor-element-16485b2 elementor-widget elementor-widget-text-editor\" data-id=\"16485b2\" data-element_type=\"widget\" data-no-translation=\"\" data-widget_type=\"text-editor.default\">\n\t\t\t\t<div class=\"elementor-widget-container\">\n\t\t\t\t\t<style>.elementor-element-16485b2{display:none !important}<\/style>\t\t\t\t<\/div>\n\t\t\t\t<\/div>\n\t\t\t\t<div class=\"elementor-element elementor-element-a07d6df elementor-widget elementor-widget-text-editor\" data-id=\"a07d6df\" data-element_type=\"widget\" data-no-translation=\"\" data-widget_type=\"text-editor.default\">\n\t\t\t\t<div class=\"elementor-widget-container\">\n\t\t\t\t\t<style>.elementor-element-a07d6df{display:none !important}<\/style>\t\t\t\t<\/div>\n\t\t\t\t<\/div>\n\t\t\t\t<div class=\"elementor-element elementor-element-04e8a05 elementor-widget elementor-widget-text-editor\" data-id=\"04e8a05\" data-element_type=\"widget\" data-no-translation=\"\" data-widget_type=\"text-editor.default\">\n\t\t\t\t<div class=\"elementor-widget-container\">\n\t\t\t\t\t\t\t\t\t<h3>POL\u00cdTICA DE PRIVACITAT DEL LLOC WEB<\/h3><h4 dir=\"auto\"><a href=\"http:\/\/www.horecaleadership.com\/\">www.horecaleadership.com<\/a><\/h4><hr \/><h4 dir=\"auto\">I. POL\u00cdTICA DE PRIVACITAT I PROTECCI\u00d3 DE DADES<\/h4><p dir=\"auto\">D&#8217;acord amb la normativa vigent, Sociedad (d&#8217;ara endavant tamb\u00e9 Lloc Web) es compromet a adoptar les mesures t\u00e8cniques i organitzatives necess\u00e0ries, segons el nivell de seguretat adequat al risc de les dades recollides.<\/p><h4 dir=\"auto\">Lleis que incorporen aquesta pol\u00edtica de privacitat<\/h4><p dir=\"auto\">Aquesta pol\u00edtica de privacitat est\u00e0 adaptada a la normativa espanyola i europea vigent en mat\u00e8ria de protecci\u00f3 de dades personals a internet. Concretament, compleix amb les seg\u00fcents normes:<\/p><ul><li>Reglament (UE) 2016\/679 del Parlament Europeu i del Consell, de 27 d&#8217;abril de 2016, relatiu a la protecci\u00f3 de les persones f\u00edsiques pel que fa al tractament de dades personals i a la lliure circulaci\u00f3 d&#8217;aquestes dades (RGPD).<\/li><li>Llei Org\u00e0nica 3\/2018, de 5 de desembre, de Protecci\u00f3 de Dades Personals i garantia dels drets digitals (LOPD-GDD).<\/li><li>Reial Decret 1720\/2007, de 21 de desembre, pel qual s&#8217;aprova el Reglament de desenvolupament de la Llei Org\u00e0nica 15\/1999, de 13 de desembre, de Protecci\u00f3 de Dades de Car\u00e0cter Personal (RDLOPD).<\/li><li>Llei 34\/2002, d&#8217;11 de juliol, de Serveis de la Societat de la Informaci\u00f3 i de Comer\u00e7 Electr\u00f2nic (LSSI-CE).<\/li><\/ul><h4 dir=\"auto\">Identitat del responsable del tractament de les dades personals<\/h4><p dir=\"auto\">El responsable del tractament de les dades personals recollides per Sociedad \u00e9s: Joan Jover Gros, amb NIF: 46967984Y (d&#8217;ara endavant, Responsable del tractament). Les seves dades de contacte s\u00f3n les seg\u00fcents:<\/p><p dir=\"auto\">Adre\u00e7a: c\/ Doctor Fleming, 9 Esc A 5.1. 08017 Barcelona<\/p><p dir=\"auto\">Tel\u00e8fon de contacte: +34 650 899 212<\/p><p dir=\"auto\">Fax:<\/p><p dir=\"auto\">Correu electr\u00f2nic de contacte: <a href=\"mailto:info@horecaleadership.com\">info@horecaleadership.com<\/a><\/p><h4 dir=\"auto\">Registre de Dades de Car\u00e0cter Personal<\/h4><p dir=\"auto\">D&#8217;acord amb el que s&#8217;estableix en el RGPD i la LOPD-GDD, l&#8217;informem que les dades personals recollides per Sociedad mitjan\u00e7ant els formularis estesos en les seves p\u00e0gines quedaran incorporades i seran tractades en el nostre fitxer amb la finalitat de poder facilitar, agilitzar i complir els compromisos establerts entre Sociedad i l&#8217;Usuari o el manteniment de la relaci\u00f3 que s&#8217;estableixi en els formularis que aquest ompli, o per atendre una sol\u00b7licitud o consulta d&#8217;aquest. Aix\u00ed mateix, d&#8217;acord amb el previst en el RGPD i la LOPD-GDD, llevat que s&#8217;apliqui l&#8217;excepci\u00f3 prevista en l&#8217;article 30.5 del RGPD, es mant\u00e9 un registre d&#8217;activitats de tractament que especifica, segons les seves finalitats, les activitats de tractament realitzades i les altres circumst\u00e0ncies establertes en el RGPD.<\/p><h4 dir=\"auto\">Principis aplicables al tractament de les dades personals<\/h4><p dir=\"auto\">El tractament de les dades personals de l&#8217;Usuari es sotmetr\u00e0 als seg\u00fcents principis recollits en l&#8217;article 5 del RGPD i en l&#8217;article 4 i seg\u00fcents de la Llei Org\u00e0nica 3\/2018, de 5 de desembre, de Protecci\u00f3 de Dades Personals i garantia dels drets digitals:<\/p><ul><li>Principi de llicitud, lleialtat i transpar\u00e8ncia: es requerir\u00e0 en tot moment el consentiment de l&#8217;Usuari pr\u00e8via informaci\u00f3 completament transparent dels fins per als quals es recullen les dades personals.<\/li><li>Principi de limitaci\u00f3 de la finalitat: les dades personals seran recollides amb fins determinats, expl\u00edcits i leg\u00edtims.<\/li><li>Principi de minimitzaci\u00f3 de dades: les dades personals recollides seran \u00fanicament les estrictament necess\u00e0ries en relaci\u00f3 amb els fins per als quals s\u00f3n tractades.<\/li><li>Principi d&#8217;exactitud: les dades personals han de ser exactes i estar sempre actualitzades.<\/li><li>Principi de limitaci\u00f3 del termini de conservaci\u00f3: les dades personals nom\u00e9s seran mantingudes de manera que es permeti la identificaci\u00f3 de l&#8217;Usuari durant el temps necessari per als fins del seu tractament.<\/li><li>Principi d&#8217;integritat i confidencialitat: les dades personals seran tractades de manera que es garanteixi la seva seguretat i confidencialitat.<\/li><li>Principi de responsabilitat proactiva: el Responsable del tractament ser\u00e0 responsable d&#8217;assegurar que els principis anteriors es compleixen.<\/li><\/ul><h4 dir=\"auto\">Categories de dades personals<\/h4><p dir=\"auto\">Les categories de dades que es tracten en Sociedad s\u00f3n \u00fanicament dades identificatives. En cap cas es tracten categories especials de dades personals en el sentit de l&#8217;article 9 del RGPD.<\/p><p dir=\"auto\">Les categories de dades que es tracten en Sociedad s\u00f3n tant dades identificatives com categories especials de dades personals en el sentit de l&#8217;article 9 del RGPD.<\/p><p dir=\"auto\">S&#8217;entenen com a categories especials de dades personals aquelles que revelen l&#8217;origen \u00e8tnic o racial, les opinions pol\u00edtiques, les conviccions religioses o filos\u00f2fiques, o l&#8217;afiliaci\u00f3 sindical, i el tractament de dades gen\u00e8tiques, dades biom\u00e8triques dirigides a identificar de manera un\u00edvoca a una persona f\u00edsica, dades relatives a la salut o dades relatives a la vida sexual o l&#8217;orientaci\u00f3 sexual d&#8217;una persona f\u00edsica.<\/p><p dir=\"auto\">Per al tractament de les categories especials de dades personals, ser\u00e0 necessari en tot cas el consentiment expl\u00edcit de l&#8217;Usuari per a un o diversos fins espec\u00edfics.<\/p><h4 dir=\"auto\">Base legal per al tractament de les dades personals<\/h4><p dir=\"auto\">La base legal per al tractament de les dades personals \u00e9s el consentiment. Sociedad es compromet a recollir el consentiment express i verificable de l&#8217;Usuari per al tractament de les seves dades personals per a un o diversos fins espec\u00edfics.<\/p><p dir=\"auto\">L&#8217;Usuari tindr\u00e0 dret a retirar el seu consentiment en qualsevol moment. Ser\u00e0 tan f\u00e0cil retirar el consentiment com donar-lo. Com a regla general, la retirada del consentiment no condicionar\u00e0 l&#8217;\u00fas del Lloc Web.<\/p><p dir=\"auto\">En les ocasions en qu\u00e8 l&#8217;Usuari hagi de o pugui facilitar les seves dades a trav\u00e9s de formularis per realitzar consultes, sol\u00b7licitar informaci\u00f3 o per motius relacionats amb el contingut del Lloc Web, se l&#8217;informar\u00e0 en cas que la cumplimentaci\u00f3 de algun d&#8217;ells sigui obligat\u00f2ria a causa que siguin imprescindibles per al correcte desenvolupament de l&#8217;operaci\u00f3 realitzada.<\/p><h4 dir=\"auto\">Fins del tractament als quals es destinen les dades personals<\/h4><p dir=\"auto\">Les dades personals s\u00f3n recollides i gestionades per Sociedad amb la finalitat de poder facilitar, agilitzar i complir els compromisos establerts entre el Lloc Web i l&#8217;Usuari o el manteniment de la relaci\u00f3 que s&#8217;estableixi en els formularis que aquest \u00faltim ompli o per atendre una sol\u00b7licitud o consulta.<\/p><p dir=\"auto\">De la mateixa manera, les dades podran ser utilitzades amb una finalitat comercial de personalitzaci\u00f3, operativa i estad\u00edstica, i activitats pr\u00f2pies de l&#8217;objecte social de Sociedad, aix\u00ed com per a l&#8217;extracci\u00f3, emmagatzematge de dades i estudis de m\u00e0rqueting per adequar el Contingut ofert a l&#8217;Usuari, aix\u00ed com millorar la qualitat, funcionament i navegaci\u00f3 pel Lloc Web.<\/p><p dir=\"auto\">En el moment en qu\u00e8 s&#8217;obtinguin les dades personals, s&#8217;informar\u00e0 a l&#8217;Usuari sobre el fi o fins espec\u00edfics del tractament als quals es destinaran les dades personals; \u00e9s a dir, de l&#8217;\u00fas o usos que es donar\u00e0 a la informaci\u00f3 recollida.<\/p><h4 dir=\"auto\">Per\u00edodes de retenci\u00f3 de les dades personals<\/h4><p dir=\"auto\">Les dades personals nom\u00e9s seran retingudes durant el temps m\u00ednim necessari per als fins del seu tractament i, en tot cas, \u00fanicament durant el seg\u00fcent termini: 24 mesos, o fins que l&#8217;Usuari sol\u00b7liciti la seva supressi\u00f3.<\/p><p dir=\"auto\">En el moment en qu\u00e8 s&#8217;obtinguin les dades personals, s&#8217;informar\u00e0 a l&#8217;Usuari sobre el termini durant el qual es conservaran les dades personals o, quan aix\u00f2 no sigui possible, els criteris utilitzats per determinar aquest termini.<\/p><h4 dir=\"auto\">Destinataris de les dades personals<\/h4><p dir=\"auto\">Les dades personals de l&#8217;Usuari no seran compartides amb tercers.<\/p><p dir=\"auto\">En qualsevol cas, en el moment en qu\u00e8 s&#8217;obtinguin les dades personals, s&#8217;informar\u00e0 a l&#8217;Usuari sobre els destinataris o les categories de destinataris de les dades personals.<\/p><p dir=\"auto\">Les dades personals de l&#8217;Usuari seran compartides amb els seg\u00fcents destinataris o categories de destinataris:<\/p><ul><li>Google, Google Analytics<\/li><\/ul><p dir=\"auto\">En cas que el Responsable del tractament tingui la intenci\u00f3 de transferir dades personals a un tercer pa\u00eds o organitzaci\u00f3 internacional, en el moment en qu\u00e8 s&#8217;obtinguin les dades personals, s&#8217;informar\u00e0 a l&#8217;Usuari sobre el tercer pa\u00eds o organitzaci\u00f3 internacional al qual es t\u00e9 la intenci\u00f3 de transferir les dades, aix\u00ed com de l&#8217;exist\u00e8ncia o abs\u00e8ncia d&#8217;una decisi\u00f3 d&#8217;adequaci\u00f3 de la Comissi\u00f3.<\/p><h4 dir=\"auto\">Dades personals de menors d&#8217;edat<\/h4><p dir=\"auto\">D&#8217;acord amb el que s&#8217;estableix en els articles 8 del RGPD i 7 de la Llei Org\u00e0nica 3\/2018, de 5 de desembre, de Protecci\u00f3 de Dades Personals i garantia dels drets digitals, nom\u00e9s els majors de 14 anys podran donar el seu consentiment per al tractament de les seves dades personals de manera l\u00edcita per Sociedad. Si es tracta d&#8217;un menor de 14 anys, ser\u00e0 necessari el consentiment dels pares o tutors per al tractament, i aquest nom\u00e9s ser\u00e0 considerat l\u00edcit en la mesura en qu\u00e8 aquests ho hagin autoritzat.<\/p><h4 dir=\"auto\">Secret i seguretat de les dades personals<\/h4><p dir=\"auto\">Sociedad es compromet a adoptar les mesures t\u00e8cniques i organitzatives necess\u00e0ries, segons el nivell de seguretat adequat al risc de les dades recollides, de manera que es garanteixi la seguretat de les dades de car\u00e0cter personal i s&#8217;eviti la destrucci\u00f3, p\u00e8rdua o alteraci\u00f3 accidental o il\u00b7l\u00edcita de dades personals transmeses, conservades o tractades d&#8217;una altra forma, o la comunicaci\u00f3 o acc\u00e9s no autoritzats a aquestes dades.<\/p><p dir=\"auto\">El Lloc Web compta amb un certificat SSL (Secure Socket Layer), que assegura que les dades personals es transmeten de manera segura i confidencial, ja que la transmissi\u00f3 de les dades entre el servidor i l&#8217;Usuari, i a la inversa, \u00e9s totalment xifrada o encriptada.<\/p><p dir=\"auto\">No obstant aix\u00f2, at\u00e8s que Sociedad no pot garantir la invulnerabilitat d&#8217;internet ni la inexist\u00e8ncia total de hackers o altres que accedeixin de manera fraudulenta a les dades personals, el Responsable del tractament es compromet a comunicar a l&#8217;Usuari sense dilaci\u00f3 indeguda quan es produeixi una violaci\u00f3 de la seguretat de les dades personals que sigui probable que comporti un risc alt per als drets i llibertats de les persones f\u00edsiques. Segons el que s&#8217;estableix en l&#8217;article 4 del RGPD, s&#8217;ent\u00e9n per violaci\u00f3 de la seguretat de les dades personals tota violaci\u00f3 de la seguretat que ocasioni la destrucci\u00f3, p\u00e8rdua o alteraci\u00f3 accidental o il\u00b7l\u00edcita de dades personals transmeses, conservades o tractades d&#8217;una altra forma, o la comunicaci\u00f3 o acc\u00e9s no autoritzats a aquestes dades.<\/p><p dir=\"auto\">Les dades personals seran tractades de manera confidencial pel Responsable del tractament, que es compromet a informar i garantir mitjan\u00e7ant una obligaci\u00f3 legal o contractual que aquesta confidencialitat ser\u00e0 respectada pels seus empleats, associats, i tota persona a la qual se li faci accessible la informaci\u00f3.<\/p><h4 dir=\"auto\">Drets derivats del tractament de les dades personals<\/h4><p dir=\"auto\">L&#8217;Usuari t\u00e9 sobre Sociedad i podr\u00e0, per tant, exercir davant del Responsable del tractament els seg\u00fcents drets reconeguts en el RGPD i la Llei Org\u00e0nica 3\/2018, de 5 de desembre, de Protecci\u00f3 de Dades Personals i garantia dels drets digitals:<\/p><ul><li>Dret d&#8217;acc\u00e9s: \u00c9s el dret de l&#8217;Usuari a obtenir confirmaci\u00f3 de si Sociedad est\u00e0 tractant o no les seves dades personals i, en cas afirmatiu, obtenir informaci\u00f3 sobre les seves dades concretes de car\u00e0cter personal i del tractament que Sociedad hagi realitzat o realitzi, aix\u00ed com, entre altres, de la informaci\u00f3 disponible sobre l&#8217;origen d&#8217;aquestes dades i els destinataris de les comunicacions realitzades o previstes d&#8217;aquestes.<\/li><li>Dret de rectificaci\u00f3: \u00c9s el dret de l&#8217;Usuari a que es modifiquin les seves dades personals que resultin ser inexactes o, tenint en compte els fins del tractament, incompletes.<\/li><li>Dret de supressi\u00f3 (\u00abel dret a l&#8217;oblit\u00bb): \u00c9s el dret de l&#8217;Usuari, sempre que la legislaci\u00f3 vigent no estableixi el contrari, a obtenir la supressi\u00f3 de les seves dades personals quan aquestes ja no siguin necess\u00e0ries per als fins per als quals van ser recollides o tractades; l&#8217;Usuari hagi retirat el seu consentiment al tractament i aquest no compti amb una altra base legal; l&#8217;Usuari s&#8217;oposi al tractament i no existeixi un altre motiu leg\u00edtim per continuar amb el mateix; les dades personals hagin estat tractades il\u00b7l\u00edcitament; les dades personals hagin de ser suprimides en compliment d&#8217;una obligaci\u00f3 legal; o les dades personals hagin estat obtingudes en el marc d&#8217;una oferta directa de serveis de la societat de la informaci\u00f3 a un menor de 14 anys. A m\u00e9s de suprimir les dades, el Responsable del tractament, tenint en compte la tecnologia disponible i el cost de la seva aplicaci\u00f3, haur\u00e0 d&#8217;adoptar mesures raonables per informar als responsables que estiguin tractant les dades personals de la sol\u00b7licitud de l&#8217;interessat de supressi\u00f3 de qualsevol enlla\u00e7 a aquestes dades personals.<\/li><li>Dret a la limitaci\u00f3 del tractament: \u00c9s el dret de l&#8217;Usuari a limitar el tractament de les seves dades personals. L&#8217;Usuari t\u00e9 dret a obtenir la limitaci\u00f3 del tractament quan impugni l&#8217;exactitud de les seves dades personals; el tractament sigui il\u00b7l\u00edcit; el Responsable del tractament ja no necessiti les dades personals, per\u00f2 l&#8217;Usuari les necessiti per fer reclamacions; i quan l&#8217;Usuari s&#8217;hagi oposat al tractament.<\/li><li>Dret a la portabilitat de les dades: En cas que el tractament es realitzi per mitjans automatitzats, l&#8217;Usuari tindr\u00e0 dret a rebre del Responsable del tractament les seves dades personals en un format estructurat, d&#8217;\u00fas com\u00fa i lectura mec\u00e0nica, i a transmetre&#8217;ls a un altre responsable del tractament. Sempre que sigui t\u00e8cnicament possible, el Responsable del tractament transmetr\u00e0 directament les dades a aquest altre responsable.<\/li><li>Dret d&#8217;oposici\u00f3: \u00c9s el dret de l&#8217;Usuari a que no es dugui a terme el tractament de les seves dades de car\u00e0cter personal o cessi el tractament d&#8217;aquestes per part de Sociedad.<\/li><li>Dret a no ser objecte d&#8217;una decisi\u00f3 basada \u00fanicament en el tractament automatitzat, inclosa l&#8217;elaboraci\u00f3 de perfils: \u00c9s el dret de l&#8217;Usuari a no ser objecte d&#8217;una decisi\u00f3 individualitzada basada \u00fanicament en el tractament automatitzat de les seves dades personals, inclosa l&#8217;elaboraci\u00f3 de perfils, llevat que la legislaci\u00f3 vigent estableixi el contrari.<\/li><\/ul><p dir=\"auto\">Per tant, l&#8217;Usuari podr\u00e0 exercir els seus drets mitjan\u00e7ant comunicaci\u00f3 escrita dirigida al Responsable del tractament amb la refer\u00e8ncia \u00abRGPD-<a href=\"http:\/\/www.horecaleadership.com\/\">www.horecaleadership.com<\/a>\u00ab, especificant:<\/p><ul><li>Nom i cognoms de l&#8217;Usuari i c\u00f2pia del DNI. En els casos en qu\u00e8 s&#8217;admeti la representaci\u00f3, tamb\u00e9 ser\u00e0 necess\u00e0ria la identificaci\u00f3 per el mateix mitj\u00e0 de la persona que representa l&#8217;Usuari, aix\u00ed com el document acreditatiu de la representaci\u00f3. La fotoc\u00f2pia del DNI podr\u00e0 ser substitu\u00efda per qualsevol altre mitj\u00e0 v\u00e0lid en dret que acrediti la identitat.<\/li><li>Petici\u00f3 amb els motius espec\u00edfics de la sol\u00b7licitud o informaci\u00f3 a la qual es vol accedir.<\/li><li>Domicili a efectes de notificacions.<\/li><li>Data i signatura del sol\u00b7licitant.<\/li><li>Tot document que acrediti la petici\u00f3 que es formula.<\/li><\/ul><p dir=\"auto\">Aquesta sol\u00b7licitud i tot altre document adjunt podr\u00e0 enviar-se a la seg\u00fcent adre\u00e7a i\/o correu electr\u00f2nic:<\/p><p dir=\"auto\">Adre\u00e7a postal: c\/ Doctor Fleming, 9 Esc A 5.1. 08017 Barcelona<\/p><p dir=\"auto\">Correu electr\u00f2nic: <a href=\"mailto:info@horecaleadership.com\">info@horecaleadership.com<\/a><\/p><h4 dir=\"auto\">Enlla\u00e7os a llocs web de tercers<\/h4><p dir=\"auto\">El Lloc Web pot incloure hipervincles o enlla\u00e7os que permetin accedir a p\u00e0gines web de tercers diferents de Sociedad, i que per tant no s\u00f3n operats per Sociedad. Els titulars d&#8217;aquests llocs web disposaran de les seves pr\u00f2pies pol\u00edtiques de protecci\u00f3 de dades, sent ells mateixos, en cada cas, responsables dels seus propis fitxers i de les seves pr\u00f2pies pr\u00e0ctiques de privacitat.<\/p><h4 dir=\"auto\">Reclamacions davant l&#8217;autoritat de control<\/h4><p dir=\"auto\">En cas que l&#8217;Usuari consideri que existeix un problema o infracci\u00f3 de la normativa vigent en la forma en qu\u00e8 es tracten les seves dades personals, tindr\u00e0 dret a la tutela judicial efectiva i a presentar una reclamaci\u00f3 davant una autoritat de control, en particular, en l&#8217;Estat en qu\u00e8 tingui la seva resid\u00e8ncia habitual, lloc de treball o lloc de la suposada infracci\u00f3. En el cas d&#8217;Espanya, l&#8217;autoritat de control \u00e9s l&#8217;Ag\u00e8ncia Espanyola de Protecci\u00f3 de Dades (<a href=\"https:\/\/www.aepd.es\/\">https:\/\/www.aepd.es\/<\/a>).<\/p><h4 dir=\"auto\">II. ACCEPTACI\u00d3 I CANVIS EN AQUESTA POL\u00cdTICA DE PRIVACITAT<\/h4><p dir=\"auto\">\u00c9s necessari que l&#8217;Usuari hagi llegit i estigui conforme amb les condicions sobre la protecci\u00f3 de dades de car\u00e0cter personal contingudes en aquesta Pol\u00edtica de Privacitat, aix\u00ed com que accepti el tractament de les seves dades personals perqu\u00e8 el Responsable del tractament pugui procedir al mateix de la manera, durant els terminis i per als fins indicats. L&#8217;\u00fas del Lloc Web implicar\u00e0 l&#8217;acceptaci\u00f3 de la Pol\u00edtica de Privacitat del mateix.<\/p><p dir=\"auto\">Sociedad es reserva el dret a modificar la seva Pol\u00edtica de Privacitat, d&#8217;acord amb el seu propi criteri, o motivat per un canvi legislatiu, jurisprudencial o doctrinal de l&#8217;Ag\u00e8ncia Espanyola de Protecci\u00f3 de Dades. Els canvis o actualitzacions d&#8217;aquesta Pol\u00edtica de Privacitat no seran notificats de manera expl\u00edcita a l&#8217;Usuari. Es recomana a l&#8217;Usuari consultar aquesta p\u00e0gina de manera peri\u00f2dica per estar al corrent dels darrers canvis o actualitzacions.<\/p><p dir=\"auto\">Aquesta Pol\u00edtica de Privacitat ha estat actualitzada per adaptar-se al Reglament (UE) 2016\/679 del Parlament Europeu i del Consell, de 27 d&#8217;abril de 2016, relatiu a la protecci\u00f3 de les persones f\u00edsiques pel que fa al tractament de dades personals i a la lliure circulaci\u00f3 d&#8217;aquestes dades (RGPD) i a la Llei Org\u00e0nica 3\/2018, de 5 de desembre, de Protecci\u00f3 de Dades Personals i garantia dels drets digitals.<\/p><p dir=\"auto\">Aquest document de Pol\u00edtica de Privacitat d&#8217;un lloc web ha estat creat mitjan\u00e7ant el generador de plantilla de pol\u00edtica de privacitat web gratu\u00eft en l\u00ednia el dia 14\/02\/2025.<\/p>\t\t\t\t\t\t\t\t<\/div>\n\t\t\t\t<\/div>\n\t\t\t\t\t<\/div>\n\t\t\t\t<\/div>\n\t\t\t\t<\/div>","protected":false},"excerpt":{"rendered":"<p>POL\u00cdTICA DE PRIVACIDAD DEL SITIO WEB www.horecaleadership.com I. POL\u00cdTICA DE PRIVACIDAD Y PROTECCI\u00d3N DE DATOS Respetando lo establecido en la legislaci\u00f3n vigente, Sociedad (en adelante, tambi\u00e9n Sitio Web) se compromete a adoptar las medidas t\u00e9cnicas y organizativas necesarias, seg\u00fan el nivel de seguridad adecuado al riesgo de los datos recogidos. Leyes que incorpora esta pol\u00edtica [&hellip;]<\/p>","protected":false},"author":1,"featured_media":0,"parent":0,"menu_order":0,"comment_status":"closed","ping_status":"closed","template":"","meta":{"footnotes":""},"class_list":["post-2149","page","type-page","status-publish","hentry"],"_links":{"self":[{"href":"https:\/\/horecaleadership.com\/ca\/wp-json\/wp\/v2\/pages\/2149","targetHints":{"allow":["GET"]}}],"collection":[{"href":"https:\/\/horecaleadership.com\/ca\/wp-json\/wp\/v2\/pages"}],"about":[{"href":"https:\/\/horecaleadership.com\/ca\/wp-json\/wp\/v2\/types\/page"}],"author":[{"embeddable":true,"href":"https:\/\/horecaleadership.com\/ca\/wp-json\/wp\/v2\/users\/1"}],"replies":[{"embeddable":true,"href":"https:\/\/horecaleadership.com\/ca\/wp-json\/wp\/v2\/comments?post=2149"}],"version-history":[{"count":16,"href":"https:\/\/horecaleadership.com\/ca\/wp-json\/wp\/v2\/pages\/2149\/revisions"}],"predecessor-version":[{"id":2976,"href":"https:\/\/horecaleadership.com\/ca\/wp-json\/wp\/v2\/pages\/2149\/revisions\/2976"}],"wp:attachment":[{"href":"https:\/\/horecaleadership.com\/ca\/wp-json\/wp\/v2\/media?parent=2149"}],"curies":[{"name":"wp","href":"https:\/\/api.w.org\/{rel}","templated":true}]}}